{"id":1153,"date":"2023-01-14T12:00:58","date_gmt":"2023-01-14T12:00:58","guid":{"rendered":"https:\/\/novo.dec-kroatio.hr\/about\/"},"modified":"2023-12-06T21:12:24","modified_gmt":"2023-12-06T21:12:24","slug":"vise-detalja-kongres-prvic-luka-2024","status":"publish","type":"page","link":"https:\/\/novo.dec-kroatio.hr\/hr\/vise-detalja-kongres-prvic-luka-2024\/","title":{"rendered":"Vi\u0161e detalja"},"content":{"rendered":"\n\n\r\n<h2><b>Vi\u0161e detalja<\/b><\/h2>\r\n\n<p><a href=\"mailto:dec.kroatio@gmail.com\" target=\"mailto:dec.kroatio@gmail.com\" rel=\"noopener\"><\/a><\/p><p><span><a href=\"https:\/\/novo.dec-kroatio.hr\/hr\/otok-prvic\/\" target=\"https:\/\/novo.dec-kroatio.hr\/hr\/otok-prvic\/\" rel=\"noopener\"><\/a><a href=\"tel:+38598248574\" target=\"tel:+38598248574\" rel=\"noopener\"><\/a>Tradicija kongresa hrvatskih esperantista datira od 1997. godine, kada je u Zagrebu odr\u017ean prvi takav skup. Slijedili su gradovi Vara\u017edin (1998.), Osijek (1999.), \u0110ur\u0111evac (2000.), Rijeka (2002.), Zagreb (2003.), Zabok (2005.), Velika Gorica (2010.), Bjelovar (2011.), Koprivnica (2012.) i \u0110ur\u0111evac (2023.). Tijekom 11. kongresa odr\u017eanog u \u0110ur\u0111evcu 2023. godine, Hrvatski savez za esperanto donio je odluku da se koncesija za organiziranje kongresa hrvatskih esperantista povjeri Dokumentacijskom esperantskom centru iz \u0110ur\u0111evca na rok od pet godina.&nbsp;<\/span><\/p>\n<p>Dvanaesti kongres odr\u017eat \u0107e se od 21. do 28. lipnja 2024. u <a href=\"https:\/\/novo.dec-kroatio.hr\/hr\/otok-prvic\/\"><strong xmlns=\"http:\/\/www.w3.org\/1999\/xhtml\"><u>Prvi\u0107 Luci<\/u><\/strong><\/a><strong><u><\/u><\/strong> na otoku Prvi\u0107u u \u0160ibenskom arhipelagu, o \u010demu mo\u017eete vidjeti nekoliko fotografija u <a href=\"https:\/\/novo.dec-kroatio.hr\/hr\/fotografije-prvic\/\"><strong><u>foto-galeriji<\/u><\/strong><\/a>. Za kasnije godine istra\u017euju se mogu\u0107nosti za organizaciju ovoga skupa u Slavonskom Brodu (2025.), Karlovcu (2026.), Delnicama (2027.) i Vukovaru (2028.).&nbsp;<\/p>\n&nbsp;\n<p><span> Kongres hrvatskih esperantista \u017eeli postati ne\u0161to vi\u0161e od&nbsp; nacionalog susreta. Esperantisti vi\u0161e zemalja izrazili su \u017eelju odazvati se hrvatskom skupu, jer u Europi, a i ina\u010de u cijelom svijetu, nedostaje sli\u010dnih manjih priredbi. Slijedom toga, organizatori kongresa pozivaju ne samo hrvatske esperantiste, nego i istomi\u0161ljenike iz ostalih (posebice susjednih i bliskih) zemalja da se pridru\u017ee sudionicima ovoga skupa. Kongres koji \u0107e se odr\u017eati u Prvi\u0107 Luci poseban je po mnogo\u010demu: prvenstveno po tome \u0161to \u0107e se kao prvi takav kup odr\u017eati u Dalmaciji i \u0161to \u0107e trajati tjedan dana. Jedinstven je i po tome \u0161to se odr\u017eava na mirnom otoku bez automobilskog prometa i velike turisti\u010dke vreve, a ipak vrlo blizu kopna. Ovaj \u0107e skup biti poseban i po tome \u0161to \u0107e biti le\u017eerniji, posve\u0107en odmoru i kupanju tijekom dana, a kulturnim i radnim programima tijekom popodneva i ve\u010deri.<\/span><\/p>\n&nbsp;\n<p><span> Napominjemo da je broj kreveta koji nam je na raspolaganju ograni\u010den te da je potrebno strogo po\u0161tivati rokove za prijavu, kako biste na vrijeme osigurali smje\u0161taj. Smje\u0161taj je hostelskog tipa, dakle skromniji nego ina\u010de, ali omogu\u0107ava zanimljivo ljetovanje uz nisku cijenu, \u0161to je na jadranskoj obali vrlo te\u0161ko na\u0107i. Iskoristite stoga ovu priliku i po\u010dastite se ugodnim ljetovanjem, jer \u0107e se naredne \u010detiri godine kongres odr\u017eavati u unutra\u0161njosti zemlje.&nbsp;<\/span><\/p>\n&nbsp;\n<p><span> Kongresne aktualnosti pratite na ovim stranicama, a za sva pitanja obratite se organizatorima elektroni\u010dkom po\u0161tom: <strong><a href=\"mailto:dec.kroatio@gmail.com\">dec.kroatio@gmail.com<\/a><\/strong> ili nazovite kongresnog tajnika: <strong><a href=\"tel:+385 98 248 574\">+385 98 248 574<\/a><\/strong> (Josip Pleadin).<\/span><\/p>\n\n\n\n","protected":false},"excerpt":{"rendered":"","protected":false},"author":1,"featured_media":0,"parent":0,"menu_order":0,"comment_status":"closed","ping_status":"closed","template":"","meta":[],"_links":{"self":[{"href":"https:\/\/novo.dec-kroatio.hr\/hr\/wp-json\/wp\/v2\/pages\/1153"}],"collection":[{"href":"https:\/\/novo.dec-kroatio.hr\/hr\/wp-json\/wp\/v2\/pages"}],"about":[{"href":"https:\/\/novo.dec-kroatio.hr\/hr\/wp-json\/wp\/v2\/types\/page"}],"author":[{"embeddable":true,"href":"https:\/\/novo.dec-kroatio.hr\/hr\/wp-json\/wp\/v2\/users\/1"}],"replies":[{"embeddable":true,"href":"https:\/\/novo.dec-kroatio.hr\/hr\/wp-json\/wp\/v2\/comments?post=1153"}],"version-history":[{"count":13,"href":"https:\/\/novo.dec-kroatio.hr\/hr\/wp-json\/wp\/v2\/pages\/1153\/revisions"}],"predecessor-version":[{"id":1208,"href":"https:\/\/novo.dec-kroatio.hr\/hr\/wp-json\/wp\/v2\/pages\/1153\/revisions\/1208"}],"wp:attachment":[{"href":"https:\/\/novo.dec-kroatio.hr\/hr\/wp-json\/wp\/v2\/media?parent=1153"}],"curies":[{"name":"wp","href":"https:\/\/api.w.org\/{rel}","templated":true}]}}