{"id":1212,"date":"2023-01-14T12:00:58","date_gmt":"2023-01-14T12:00:58","guid":{"rendered":"https:\/\/novo.dec-kroatio.hr\/about\/"},"modified":"2023-12-28T16:01:05","modified_gmt":"2023-12-28T16:01:05","slug":"smjestaj-i-prehrana-kongres-prvic","status":"publish","type":"page","link":"https:\/\/novo.dec-kroatio.hr\/eo\/smjestaj-i-prehrana-kongres-prvic\/","title":{"rendered":"Lo\u011dado kaj man\u011dado"},"content":{"rendered":"<h2><b>Lo\u011dado kaj man\u011dado<\/b><\/h2>\r\n\n<p>&nbsp;<\/p>\n<p>Lo\u011dado kaj man\u011dado por la kongresanoj estas organizitaj en la Ripozejo Po\u017eega s.l.r. (<a href=\"https:\/\/odmaraliste-prvic.com.hr\"><strong><u>https:\/\/odmaraliste-prvic.com.hr<\/u><\/strong><\/a>). Temas pri hosteltipa lo\u011dado en unulitaj, dulitaj kaj plurlitaj \u0109ambroj. Unulitaj kaj dulitaj \u0109ambroj inkluzivas banejon kaj necesejon kaj plej multaj el ili anka\u016d fridujon, sed neniu \u0109ambro estas klimatizita. Plurlitaj \u0109ambroj uza komunajn banejojn.<\/p>\n<p>&nbsp;<\/p>\n<p>Man\u011dado estas organizita en la hostela tereta\u011da restoracio, kie funkcias anka\u016d kafejo. La prezliston, kiu inkluzivas prezojn de lo\u011dado kaj man\u011dado (matenman\u011do kaj tagman\u011do), vi povas vidi <a href=\"https:\/\/novo.dec-kroatio.hr\/wp-content\/uploads\/2023\/12\/smjestaj-loghado.pdf\"><strong><u>\u0109i-tie<\/u><\/strong><\/a>..Ni atentigas vin, ke la man\u011doj estas anta\u016dviditaj la\u016d la restoracia menuo, kiu ne ofertas specialajn servojn (vegetaranoj, veganoj, man\u011da\u0135oj la\u016d mendo).&nbsp;<\/p>\n<p>Nombro de litoj en la hostelo estas limigita, do estas necese rezervi lo\u011dadon kaj man\u011dadon kiel eble plej frue, sed plej laste \u011dis la 31-a de marto 2024. Post tiu dato ni akceptos mendojn nur se restos liberaj lokoj, sed la prezoj estos konsiderinde pli altaj. Rezervado validas nur post pago de kompleta sumo. Pagojn eblos fari anka\u016d en maksimume tri partoj, konsiderante, ke la unua parto devas esti pagita \u011dis la 31-a de januaro, la dua \u011dis la 28-a de februaro kaj la tria \u011dis la 31-a de marto 2024. Kaze de poparta pagado, estas aplikataj prezoj el dua dua pagperiodo (\u011dis la 31-a de marto 2024).&nbsp;<\/p>\n<p>&nbsp;<\/p>\n<p>La lo\u011dadon vi povas rezervi per <strong><u><a href=\"https:\/\/novo.dec-kroatio.hr\/eo\/narudzbenica-za-smjestaj-2024\/\">reta mendilo<\/a><\/u><\/strong> a\u016d per elektronika po\u015dto \u0109e: <strong><u><a href=\"mailto:dec.kroatio@gmail.com\">dec.kroatio@gmail.com<\/a><\/u><\/strong> nur post a\u016d kune kun pago de kongreskotizo. Ne eblas pagi lo\u011d- kaj man\u011dokostojn, se anta\u016de ne estas pagita kongreskotizo, respektive se vi ne ricevis kongresnumeron.<\/p>\n<p>&nbsp;<\/p>\n<p>Pagoj estas farataj al la banka konto de Dokumetna Esperanto-Centro \u0110ur\u0111evac n-ro:&nbsp;<\/p>\n<p>HR0723400091111000952.<\/p>\n<p>&nbsp;<\/p>\n<p>GRAVA AVIZO: Se ali\u011dinto rezignas pri kongresa partopreno a\u016d pri uzado de pagitaj servoj, li ne havas rajton rericevi siajn pagojn.<\/p>","protected":false},"excerpt":{"rendered":"","protected":false},"author":1,"featured_media":0,"parent":0,"menu_order":0,"comment_status":"closed","ping_status":"closed","template":"","meta":[],"_links":{"self":[{"href":"https:\/\/novo.dec-kroatio.hr\/eo\/wp-json\/wp\/v2\/pages\/1212"}],"collection":[{"href":"https:\/\/novo.dec-kroatio.hr\/eo\/wp-json\/wp\/v2\/pages"}],"about":[{"href":"https:\/\/novo.dec-kroatio.hr\/eo\/wp-json\/wp\/v2\/types\/page"}],"author":[{"embeddable":true,"href":"https:\/\/novo.dec-kroatio.hr\/eo\/wp-json\/wp\/v2\/users\/1"}],"replies":[{"embeddable":true,"href":"https:\/\/novo.dec-kroatio.hr\/eo\/wp-json\/wp\/v2\/comments?post=1212"}],"version-history":[{"count":8,"href":"https:\/\/novo.dec-kroatio.hr\/eo\/wp-json\/wp\/v2\/pages\/1212\/revisions"}],"predecessor-version":[{"id":1258,"href":"https:\/\/novo.dec-kroatio.hr\/eo\/wp-json\/wp\/v2\/pages\/1212\/revisions\/1258"}],"wp:attachment":[{"href":"https:\/\/novo.dec-kroatio.hr\/eo\/wp-json\/wp\/v2\/media?parent=1212"}],"curies":[{"name":"wp","href":"https:\/\/api.w.org\/{rel}","templated":true}]}}